{"id":2581,"date":"2024-07-25T17:24:38","date_gmt":"2024-07-25T17:24:38","guid":{"rendered":"https:\/\/www.puertasolamendi.com\/?post_type=articulo&#038;p=2581"},"modified":"2024-07-29T17:08:56","modified_gmt":"2024-07-29T17:08:56","slug":"el-estilo-loft-caracteristicas-y-origen","status":"publish","type":"articulo","link":"https:\/\/www.puertasolamendi.com\/fr\/articulo\/el-estilo-loft-caracteristicas-y-origen\/","title":{"rendered":"El estilo Loft, caracter\u00edsticas y origen"},"content":{"rendered":"<p>Cuando hablamos del\u00a0<strong>estilo loft<\/strong>\u00a0nos tenemos que dirigir a la ciudad de Nueva York en plenos a\u00f1os 70, en donde se cre\u00f3 gracias a una iniciativa de diferentes profesionales relacionados con profesiones art\u00edsticas adem\u00e1s de estudiantes que buscaban un espacio para vivir y desarrollar su actividad profesional a costes m\u00e1s reducidos de los habituales. Los espacios para llevar a cabo este\u00a0<strong>nuevo estilo<\/strong>\u00a0que marc\u00f3 una \u00e9poca en la\u00a0decoraci\u00f3n de interiores\u00a0se daban habitualmente en locales industriales y lonjas abandonadas.<br \/>\nEste estilo se fundamenta por las grandes superficies sin divisiones dando protagonismo a la luz la cual adopta\u00a0el\u00a0papel\u00a0principal\u00a0al repartirse por las diferentes zonas inundando todo el espacio y ayudando a crear el ambiente adecuado. Destaca tambi\u00e9n el uso de diferentes\u00a0niveles\u00a0para separar las diversas\u00a0zonas de la estancia como sal\u00f3n, dormitorios, cocina o zona laboral todas ellas comunicadas por un acceso en forma de escalera con especial atenci\u00f3n a la decoraci\u00f3n de \u00e9sta.<br \/>\nPor medio de las paredes, vigas o columnas originales adem\u00e1s de los materiales empleados y colores se consigue integrar el conjunto de espacios que completan la vivienda. Los materiales utilizados son el pl\u00e1stico y el cemento u otros como ladrillos el metal o la goma que ayudan a generar una sensaci\u00f3n de espacio y amplitud con una apariencia fr\u00eda.<br \/>\nLas alturas del espacio juegan tambi\u00e9n un papel importante, ayudando a la creaci\u00f3n de espacios abiertos una mayor altura de la estancia.<br \/>\nLas puertas\u00a0tambi\u00e9n deber\u00e1n adaptarse al resto de elementos para crear una armon\u00eda acorde al resto de elementos.\u00a0Puertas\u00a0con medidas especiales,\u00a0puertas correderas\u00a0a medida con formatos y dise\u00f1os diferentes a lo habitual,\u00a0puertas\u00a0con maderas que den un aspecto envejecido o incluso puertas con incrustaciones de metal en su superficie que nos recuerdan a una \u00e9poca industrial anterior.<\/p>\n<p>Las\u00a0puertas correderas\u00a0representan una opci\u00f3n perfecta para separar \u00e1mbitos diferentes respetando los espacios abiertos y aumentando\u00a0m\u00e1s a\u00fan si cabe la sensaci\u00f3n de amplitud en la vivienda.<\/p>\n<p><a href=\"https:\/\/www.puertasolamendi.com\/\" target=\"_blank\" rel=\"noopener noreferrer\"><strong>Puertas Olamendi<\/strong><\/a>, f\u00e1brica de\u00a0<a href=\"https:\/\/www.puertasolamendi.com\/catalogo\/puertas-de-interior\/\" target=\"_blank\" rel=\"noopener noreferrer\"><strong>puertas de interior,<\/strong><\/a>\u00a0<strong><a href=\"https:\/\/www.puertasolamendi.com\/catalogo\/puertas-correderas\/\" target=\"_blank\" rel=\"noopener noreferrer\">puertas correderas<\/a>,<\/strong>\u00a0<strong><a href=\"https:\/\/www.puertasolamendi.com\/catalogo\/puertas-de-entrada\/\" target=\"_blank\" rel=\"noopener noreferrer\">puertas de entrada<\/a>\u00a0y\u00a0<a href=\"https:\/\/www.puertasolamendi.com\/catalogo\/suelos\/\">suelos<\/a><\/strong><\/p>\n<p lang=\"es-ES\" align=\"JUSTIFY\"><a href=\"https:\/\/www.puertasolamendi.com\/\" target=\"_blank\" rel=\"noopener noreferrer\"><strong>Puertas Olamendi<\/strong><\/a>, especialistas en\u00a0<strong><a href=\"https:\/\/www.puertasolamendi.com\/catalogo\/suelos\/\">puertas y suelos de calidad<\/a>.<\/strong><\/p>\n","protected":false},"featured_media":2583,"template":"","acf":[],"_links":{"self":[{"href":"https:\/\/www.puertasolamendi.com\/fr\/wp-json\/wp\/v2\/articulo\/2581"}],"collection":[{"href":"https:\/\/www.puertasolamendi.com\/fr\/wp-json\/wp\/v2\/articulo"}],"about":[{"href":"https:\/\/www.puertasolamendi.com\/fr\/wp-json\/wp\/v2\/types\/articulo"}],"wp:featuredmedia":[{"embeddable":true,"href":"https:\/\/www.puertasolamendi.com\/fr\/wp-json\/wp\/v2\/media\/2583"}],"wp:attachment":[{"href":"https:\/\/www.puertasolamendi.com\/fr\/wp-json\/wp\/v2\/media?parent=2581"}],"curies":[{"name":"wp","href":"https:\/\/api.w.org\/{rel}","templated":true}]}}